{"id":2095,"date":"2021-09-15T08:43:12","date_gmt":"2021-09-15T06:43:12","guid":{"rendered":"http:\/\/spkluczewsko.pl\/?page_id=2095"},"modified":"2025-11-28T14:00:46","modified_gmt":"2025-11-28T13:00:46","slug":"organizacja","status":"publish","type":"page","link":"https:\/\/spkluczewsko.pl\/?page_id=2095","title":{"rendered":"Organizacja"},"content":{"rendered":"<p style=\"text-align: center;\"><strong>ODDZIA\u0141Y PRZEDSZKOLNE<\/strong><\/p>\n<p style=\"text-align: center;\"><strong>W ZESPOLE PRZEDSZKOLNO-SZKOLNYM W KLUCZEWSKU<\/strong><\/p>\n<p style=\"text-align: justify;\">Nasze przedszkole znajduje si\u0119 w Kluczewsku, malowniczo po\u0142o\u017conej miejscowo\u015bci na pograniczu Przedborskiego Parku Krajobrazowego, powiat w\u0142oszczowski.<\/p>\n<p style=\"text-align: justify;\">Jest plac\u00f3wk\u0105 publiczn\u0105 prowadzon\u0105 przez Gmin\u0119 Kluczewsko, a jego mottem przewodnim s\u0105 s\u0142owa Janusza Korczaka:<\/p>\n<p style=\"text-align: center;\">&nbsp;&nbsp;&nbsp;&nbsp;&nbsp;&nbsp;&nbsp;&nbsp;&nbsp;&nbsp;&nbsp;&nbsp;&nbsp;&nbsp;&nbsp;&nbsp;&nbsp;&nbsp;&nbsp;&nbsp;<strong><em>&nbsp;&nbsp;&nbsp; \u201eDziecko chce by\u0107 dobre, je\u015bli nie umie \u2013 naucz\u2026,<\/em><\/strong><\/p>\n<p style=\"text-align: center;\"><strong><em>je\u015bli nie wie \u2013 wyt\u0142umacz\u2026, je\u015bli nie mo\u017ce- pom\u00f3\u017c\u2026.\u201d<\/em><\/strong><\/p>\n<p style=\"text-align: justify;\">&nbsp;Zasoby \u015brodowiska, kt\u00f3re mo\u017ce wykorzysta\u0107 nasza plac\u00f3wka to okoliczne lasy, pola, \u0142\u0105ki, stawy, rzeki, gospodarstwa agroturystyczne. Teren przedszkolnego ogr\u00f3dka jest poro\u015bni\u0119ty zieleni\u0105 i wyposa\u017cony w r\u00f3\u017cnorodny sprz\u0119t do zabaw ruchowych i rekreacji. Wszystko to sprzyja wszechstronnemu rozwojowi sprawno\u015bci ruchowej dzieci, a ka\u017cda pora roku stwarza inne mo\u017cliwo\u015bci poznawcze.<\/p>\n<p style=\"text-align: justify;\">Plac\u00f3wka dysponuje czterema oddzia\u0142ami przedszkolnymi, do kt\u00f3rych ucz\u0119szcza 88 dzieci w wieku od 2,5 do 6 lat i jest czynne od 6:30 do 16:00.<\/p>\n<p style=\"text-align: justify;\">Najwa\u017cniejszym celem kadry pedagogicznej zatrudnionej w naszej plac\u00f3wce jest d\u0105\u017cenie do rozbudzania w dzieciach kreatywno\u015bci oraz pasji do nauki i zabawy. Dzi\u0119ki licznym zaj\u0119ciom dodatkowym nie jest to trudne i sprzyja rozwojowi talent\u00f3w u dzieci. W pracy dydaktyczno- wychowawczej nauczycielki stosuj\u0105 metody aktywizuj\u0105ce, tworz\u0105 w\u0142asne programy oraz wykorzystuj\u0105 multimedia, kt\u00f3re s\u0105 dost\u0119pne w ka\u017cdej sali. W ci\u0105gu roku szkolnego realizowanych jest wiele ciekawych og\u00f3lnodost\u0119pnych projekt\u00f3w edukacyjnych i konkurs\u00f3w.<\/p>\n<p style=\"text-align: justify;\">W naszym przedszkolu organizuje si\u0119 wiele wycieczek, spotka\u0144 integracyjnych, imprez i uroczysto\u015bci.<\/p>\n<p style=\"text-align: justify;\">W przedszkolu panuje mi\u0142a i serdeczna atmosfera, wszyscy pracownicy bardzo si\u0119 staraj\u0105, aby by\u0142o przyjemnie, ciep\u0142o, rado\u015bnie i ciekawie.<\/p>\n<p style=\"text-align: center;\"><strong>Organizacja<\/strong><\/p>\n<p style=\"text-align: justify;\">Plac\u00f3wka zapewnia opiek\u0119 od poniedzia\u0142ku do pi\u0105tku w godzinach od <u>07.00 do 16.00<\/u>. Dzieci korzystaj\u0105 z trzech posi\u0142k\u00f3w:<\/p>\n<ul style=\"text-align: justify;\">\n<li>10.20 \u2013 obiad (I danie) Grupa Je\u017cyki, Grupa Pszcz\u00f3\u0142ki<\/li>\n<li>11:10 \u2013 obiad&nbsp;(I danie) Grupa Biedronki, Grupa \u017babki&nbsp;&nbsp;&nbsp;&nbsp;<\/li>\n<li>13:20 \u2013 obiad (II danie)&nbsp;<\/li>\n<\/ul>\n<p style=\"text-align: justify;\">Do przedszkola ucz\u0119szczaj\u0105 dzieci w wieku 2,5\u2013 6 lat. Funkcjonuj\u0105 cztery oddzia\u0142y. Jeste\u015bmy otwarci na \u015brodowisko, bierzemy udzia\u0142 w konkursach, akcjach charytatywnych i ekologicznych.<\/p>\n<p style=\"text-align: justify;\">* Grupa ,,Biedronki\u201d 2,5-3 latki- wychowawca: mgr Natalia \u0141\u0105czek<\/p>\n<p style=\"text-align: justify;\">* Grupa ,,\u017babki\u201d 4 latki- wychowawca: mgr Agnieszka Piskorek<\/p>\n<p style=\"text-align: justify;\">* Grupa ,,Je\u017cyki\u201d 5 latki \u2013 wychowawca: mgr Alina Czarny Marsza\u0142ek<\/p>\n<p style=\"text-align: justify;\">* Grupa ,,Pszcz\u00f3\u0142ki\u201d 6 latki \u2013 wychowawca: mgr Barbara Hyska&nbsp;<\/p>\n<p style=\"text-align: justify;\"><strong>RAMOWY ROZK\u0141AD DNIA<\/strong><\/p>\n<p style=\"text-align: justify;\">07.00 \u2013 08.30 \u2013 schodzenie si\u0119 dzieci do sali, zabawy w k\u0105cikach zainteresowa\u0144, zabawy dowolne wg pomys\u0142\u00f3w w\u0142asnych lub przy udziale nauczyciela; rozmowy indywidualne w ma\u0142ych grupach, zabawy swobodne.<\/p>\n<p><strong>RAMOWY&nbsp; ROZK\u0141AD&nbsp; DNIA&nbsp; GRUPA \u201eBIEDRONKI\u201d \u2013 2,5- 3-latki<\/strong><\/p>\n<table width=\"604\">\n<tbody>\n<tr>\n<td width=\"151\"><strong>8:00-8:30<\/strong><\/td>\n<td width=\"453\">Schodzenie si\u0119 dzieci do sali, zabawy w k\u0105cikach zainteresowa\u0144, zabawy dowolne wed\u0142ug pomys\u0142\u00f3w w\u0142asnych lub przy udziale nauczyciela<\/td>\n<\/tr>\n<tr>\n<td width=\"151\"><strong>8:30-9:00<\/strong><\/td>\n<td width=\"453\">Czynno\u015bci opieku\u0144cze, higieniczno- porz\u0105dkowe, zabawy ruchowe, \u0107wiczenia poranne, czynno\u015bci samoobs\u0142ugowe, \u015bniadanie<\/td>\n<\/tr>\n<tr>\n<td width=\"151\"><strong>9:00-9:15<\/strong><\/td>\n<td width=\"453\">Zaj\u0119cia dydaktyczne realizowane w ramach wybranego programu wychowania przedszkolnego, gry i zabawy edukacyjne<\/td>\n<\/tr>\n<tr>\n<td width=\"151\"><strong>9:15-10:00<\/strong><\/td>\n<td width=\"453\">Zabawy swobodne wynikaj\u0105ce z zainteresowa\u0144<\/td>\n<\/tr>\n<tr>\n<td width=\"151\"><strong>10:00-11:10<\/strong><\/td>\n<td width=\"453\">Swobodne gry i zabawy ruchowe na \u015bwie\u017cym powietrzu, zaj\u0119cia sportowe, obserwacje przyrodnicze, \u0107wiczenia gimnastyczne \u2013 dob\u00f3r zaj\u0119\u0107 jest uzale\u017cniony od pogody<\/td>\n<\/tr>\n<tr>\n<td width=\"151\"><strong>11:10-11:45<\/strong><\/td>\n<td width=\"453\">Wyrabianie nawyk\u00f3w i czynno\u015bci higienicznych, kulturowych zwi\u0105zanych z samoobs\u0142ug\u0105, obiad. Wdra\u017canie do poprawnego pos\u0142ugiwania si\u0119 sztu\u0107cami<\/td>\n<\/tr>\n<tr>\n<td width=\"151\"><strong>11:45-12:30<\/strong><\/td>\n<td width=\"453\">Zabawy relaksacyjne, s\u0142uchanie utwor\u00f3w literackich, zabawy tematyczne, organizowanie warunk\u00f3w do tw\u00f3rczej aktywno\u015bci poprzez udzia\u0142 w zaj\u0119ciach plastycznych, techniczno-konstrukcyjnych i umuzykalniaj\u0105cych<\/td>\n<\/tr>\n<tr>\n<td width=\"151\"><strong>12:30-13:00<\/strong><\/td>\n<td width=\"453\">Czynno\u015bci organizacyjno-porz\u0105dkowe, zabawy dowolne, rozchodzenie si\u0119 dzieci do dom\u00f3w.<\/td>\n<\/tr>\n<\/tbody>\n<\/table>\n<p><strong>RAMOWY&nbsp; ROZK\u0141AD&nbsp; DNIA&nbsp; GRUPA \u201e\u017bABKI\u201d &#8211; 4-latki<\/strong><\/p>\n<table width=\"643\">\n<tbody>\n<tr>\n<td width=\"136\">Godziny<\/td>\n<td width=\"507\">Zaj\u0119cia dnia<\/td>\n<\/tr>\n<tr>\n<td width=\"136\">8.00 \u2013 8.30<\/td>\n<td width=\"507\">Schodzenie si\u0119 dzieci do sali, czynno\u015bci opieku\u0144cze, rozmowy indywidualne z dzie\u0107mi. Zabawy swobodne w k\u0105cikach zainteresowa\u0144.<\/td>\n<\/tr>\n<tr>\n<td width=\"136\">8.30 \u2013 8.45<\/td>\n<td width=\"507\">Zabawy ruchowe, \u0107wiczenia poranne integruj\u0105ce grup\u0119, czynno\u015bci higieniczno \u2013 porz\u0105dkowe, samoobs\u0142ugowe,&nbsp;&nbsp; przygotowanie do \u015bniadania.<\/td>\n<\/tr>\n<tr>\n<td width=\"136\">8.45 -9.15<\/td>\n<td width=\"507\">\u015aniadanie \u2013wpajanie zasad dobrego wychowania, wyrabianie nawyk\u00f3w higieniczno \u2013kulturalnych,<\/td>\n<\/tr>\n<tr>\n<td width=\"136\">9.15 \u2013 9.35<\/td>\n<td width=\"507\">Zaj\u0119cia edukacyjne zgodne z podstaw\u0105 programow\u0105 wychowania przedszkolnego,&nbsp; realizowane wed\u0142ug wybranego programu, gry i zabawy edukacyjne.&nbsp;&nbsp;<\/td>\n<\/tr>\n<tr>\n<td width=\"136\">9.35 \u2013 10.00<\/td>\n<td width=\"507\">Zabawy swobodne wynikaj\u0105ce z zainteresowa\u0144 dzieci.<\/td>\n<\/tr>\n<tr>\n<td width=\"136\">10.00 \u2013 11.00<\/td>\n<td width=\"507\">Pobyt na \u015bwie\u017cym powietrzu. Zabawy ruchowe na placu zabaw, obserwacje przyrodnicze, spacery. W zale\u017cno\u015bci od pogody na zewn\u0105trz godzina wyj\u015bcia mo\u017ce ulec zmianie.<\/td>\n<\/tr>\n<tr>\n<td width=\"136\">11.00 \u2013 11.45<\/td>\n<td width=\"507\">&nbsp;Czynno\u015bci&nbsp; porz\u0105dkowo-higieniczne. Obiad &#8211; przestrzeganie zasad dobrego wychowania podczas spo\u017cywania posi\u0142k\u00f3w. \u0106wiczenie umiej\u0119tno\u015bci pos\u0142ugiwania si\u0119 sztu\u0107cami oraz w\u0142a\u015bciwego zachowania si\u0119 przy stole.<\/td>\n<\/tr>\n<tr>\n<td width=\"136\">11.45 \u2013 12.30<\/td>\n<td width=\"507\">Zabawy relaksacyjne, s\u0142uchanie utwor\u00f3w literackich,&nbsp; organizowanie warunk\u00f3w do tw\u00f3rczej aktywno\u015bci poprzez udzia\u0142 w zaj\u0119ciach plastycznych,&nbsp; umuzykalniaj\u0105cych, zabawach ruchowych.<\/td>\n<\/tr>\n<tr>\n<td width=\"136\">12.30 \u2013 13.00<\/td>\n<td width=\"507\">&nbsp;Czynno\u015bci organizacyjno \u2013 porz\u0105dkowe, rozchodzenie si\u0119 dzieci zapisanych na 5-godzinny pobyt w przedszkolu.<\/td>\n<\/tr>\n<\/tbody>\n<\/table>\n<p><strong>RAMOWY&nbsp; ROZK\u0141AD&nbsp; DNIA&nbsp; 5LATKI&nbsp; GRUPA&nbsp; JE\u017bYKI<\/strong><\/p>\n<ul>\n<li>8.00-8.30 &#8211; Schodzenie si\u0119 dzieci do sali, zabawy w k\u0105cikach zainteresowa\u0144, zabawy dowolne wg pomys\u0142\u00f3w w\u0142asnych lub przy udziale nauczyciela.<\/li>\n<li>8.30-9.00 &#8211; Czynno\u015bci opieku\u0144cze, higieniczno \u2013 porz\u0105dkowe, zabawy ruchowe, \u0107wiczenia poranne. Czynno\u015bci samoobs\u0142ugowe, \u015bniadanie.<\/li>\n<li>9.00-9.40 &#8211; Zaj\u0119cia dydaktyczne realizowane w ramach wybranego programu wychowania przedszkolnego, gry i zabawy edukacyjne.<\/li>\n<li>9.40-10.10 \u2013 Zabawy swobodne wynikaj\u0105ce z zainteresowa\u0144 dzieci.<\/li>\n<li>10.10-10.40 \u2013 Wyrabianie nawyk\u00f3w i czynno\u015bci higienicznych, kulturalnych zwi\u0105zanych z samoobs\u0142ug\u0105, obiad, wdra\u017canie do poprawnego pos\u0142ugiwania si\u0119 sztu\u0107cami.<\/li>\n<li>10.40-11.45 \u2013 Swobodne zabawy i gry na \u015bwie\u017cym powietrzu, zaj\u0119cia sportowe, obserwacje przyrodnicze, \u0107wiczenia gimnastyczne. Dob\u00f3r zaj\u0119\u0107 uzale\u017cniony jest od pogody.<\/li>\n<li>11.45-12.30 \u2013 Zabawy relaksacyjne, s\u0142uchanie utwor\u00f3w literackich, zabawy tematyczne, organizowanie warunk\u00f3w do tw\u00f3rczej aktywno\u015bci poprzez udzia\u0142 w zaj\u0119ciach plastycznych, techniczno \u2013 konstrukcyjnych i umuzykalniaj\u0105cych.<\/li>\n<li>12.30-13.00 \u2013 Czynno\u015bci orgaznizacyjno \u2013 porz\u0105dkowe, zabawy dowolne, rozchodzenie si\u0119 dzieci.<\/li>\n<\/ul>\n<p><strong>RAMOWY ROZK\u0141AD DNIA GRUPA 6LATK\u00d3W PSZCZ\u00d3\u0141KI<\/strong><\/p>\n<ul>\n<li>8.00 &#8211; 8.30 Schodzenie si\u0119 dzieci. Zabawy indywidualne w k\u0105cikach zainteresowa\u0144. \u0106wiczenia poranne, zabawy ruchowe integruj\u0105ce grup\u0119.<\/li>\n<li>8.30- 8.45 Przygotowanie do \u015bniadania. Czynno\u015bci higieniczne. Kszta\u0142towanie samodzielno\u015bci.<\/li>\n<li>8.45-9.10 \u015aniadanie. Przestrzeganie zasad dobrego wychowania podczas spo\u017cywania posi\u0142ku.<\/li>\n<li>9.10-10.10 Zaj\u0119cia dydaktyczne w ramach realizacji programu wychowania przedszkolnego z ca\u0142\u0105 grup\u0105. Nabywanie umiej\u0119tno\u015bci przez dzia\u0142anie, stwarzanie sytuacji edukacyjnych stymuluj\u0105cy wszechstronny rozw\u00f3j dziecka. Organizowanie \u015brodowiska inspiruj\u0105cego podejmowanie zabaw tematycznych, dydaktycznych, badawczych i ruchowych. Wspieranie dzia\u0142a\u0144 tw\u00f3rczych podczas kontaktu dzieci ze sztuk\u0105, muzyk\u0105 i literatur\u0105.<\/li>\n<li>10.10-10.45 Przygotowanie do obiadu. Kszta\u0142towanie nawyk\u00f3w higieniczno-porz\u0105dkowych.<\/li>\n<li>Przestrzeganie zasad dobrego wychowania podczas spo\u017cywania posi\u0142ku. \u0106wiczenie umiej\u0119tno\u015bci pos\u0142ugiwania si\u0119 sztu\u0107cami.<\/li>\n<li>10.45-11.15 Zabawy swobodne wynikaj\u0105ce z zainteresowa\u0144 dzieci. Kszta\u0142towanie zachowa\u0144 prozdrowotnych, zapewnienie dzieciom r\u00f3\u017cnych form relaksu w sali i zabawy umo\u017cliwiaj\u0105ce odpoczynek po posi\u0142ku.<\/li>\n<li>11.15-11.25 Czynno\u015bci samoobs\u0142ugowe w szatni, wdra\u017canie do samodzielno\u015bci.<\/li>\n<li>11.25-12.25 Pobyt na \u015bwie\u017cym powietrzu. Zabawy dowolne, zabawy na sprz\u0119cie terenowym, obserwacje przyrodnicze, spacery, wycieczki, zabawy ruchowe organizowane z ca\u0142\u0105 grup\u0105, dob\u00f3r zaj\u0119\u0107 uzale\u017cniony jest od pogody i pory roku. Uczenie zasad post\u0119powania warunkuj\u0105cych bezpiecze\u0144stwo dziecka w budynku, w ogrodzie i poza terenem przedszkola. Wykorzystanie i tworzenie okazji do stymulowania wra\u017cliwo\u015bci oraz poznanie warto\u015bci i norm odnosz\u0105cych si\u0119 do \u015brodowiska przyrodniczego.<\/li>\n<li>12.25-13.00 Tworzenie warunk\u00f3w wspieraj\u0105cych wielokierunkow\u0105 aktywno\u015b\u0107 dzieci. Gry i zabawy dydaktyczne wspomagaj\u0105ce rozw\u00f3j umys\u0142owy dziecka. Gry i zabawy badawcze rozwijaj\u0105ce zainteresowania otaczaj\u0105cym \u015bwiatem. Zaj\u0119cia muzyczne, plastyczne, j\u0119zykowe, teatralne rozwijaj\u0105ce uzdolnienia dzieci. Gry i zabawy ruchowe wspomagaj\u0105ce rozw\u00f3j ruchowy dziecka. Zabawy wspomagaj\u0105ce rozw\u00f3j emocjonalny i spo\u0142eczny dziecka. Zabawy swobodne wynikaj\u0105ce z zainteresowa\u0144 dziecka. Zaj\u0119cia indywidualne. Rozchodzenie si\u0119 dzieci.<\/li>\n<\/ul>\n<p><strong>RAMOWY&nbsp; ROZK\u0141AD&nbsp; DNIA&nbsp; ZAJ\u0118CIA&nbsp; DODATKOWE:<\/strong><\/p>\n<ul>\n<li>13.00 \u2013 14.00 \u2013 Czynno\u015bci porz\u0105dkowe i samoobs\u0142ugowe, przygotowanie do obiadu. Obiad. Zapewnienie dzieciom r\u00f3\u017cnych form relaksu. Zaj\u0119cia dydaktyczne wg harmonogramu. Zabawy realizuj\u0105ce pomys\u0142y dzieci. Integracja grupy I i II.<\/li>\n<li>14.00-15.00 \u2013 Zaj\u0119cia og\u00f3lnorozwojowe, zabawy i gry dydaktyczne.<\/li>\n<li>15.00-16.00 \u2013 Swobodne zabawy, \u0107wiczenia indywidualne z dzie\u0107mi dostosowane do ich mo\u017cliwo\u015bci. Zaj\u0119cia w ma\u0142ych zespo\u0142ach, om\u00f3wienie z dzie\u0107mi wydarze\u0144 dnia. Rozchodzenie si\u0119 dzieci.<\/li>\n<\/ul>\n<p>&nbsp;<\/p>\n","protected":false},"excerpt":{"rendered":"<p>ODDZIA\u0141Y PRZEDSZKOLNE W ZESPOLE PRZEDSZKOLNO-SZKOLNYM W KLUCZEWSKU Nasze przedszkole znajduje si\u0119 w Kluczewsku, malowniczo po\u0142o\u017conej miejscowo\u015bci na pograniczu Przedborskiego Parku Krajobrazowego, powiat w\u0142oszczowski. Jest plac\u00f3wk\u0105 publiczn\u0105 prowadzon\u0105 przez Gmin\u0119 Kluczewsko, a jego mottem przewodnim s\u0105 s\u0142owa Janusza Korczaka: &nbsp;&nbsp;&nbsp;&nbsp;&nbsp;&nbsp;&nbsp;&nbsp;&nbsp;&nbsp;&nbsp;&nbsp;&nbsp;&nbsp;&nbsp;&nbsp;&nbsp;&nbsp;&nbsp;&nbsp;&nbsp;&nbsp;&nbsp; \u201eDziecko chce by\u0107 dobre, je\u015bli nie umie \u2013 naucz\u2026, je\u015bli nie [&hellip;]<\/p>\n","protected":false},"author":2,"featured_media":0,"parent":0,"menu_order":0,"comment_status":"closed","ping_status":"closed","template":"","meta":{"ngg_post_thumbnail":0,"footnotes":""},"class_list":["post-2095","page","type-page","status-publish","hentry"],"_links":{"self":[{"href":"https:\/\/spkluczewsko.pl\/index.php?rest_route=\/wp\/v2\/pages\/2095","targetHints":{"allow":["GET"]}}],"collection":[{"href":"https:\/\/spkluczewsko.pl\/index.php?rest_route=\/wp\/v2\/pages"}],"about":[{"href":"https:\/\/spkluczewsko.pl\/index.php?rest_route=\/wp\/v2\/types\/page"}],"author":[{"embeddable":true,"href":"https:\/\/spkluczewsko.pl\/index.php?rest_route=\/wp\/v2\/users\/2"}],"replies":[{"embeddable":true,"href":"https:\/\/spkluczewsko.pl\/index.php?rest_route=%2Fwp%2Fv2%2Fcomments&post=2095"}],"version-history":[{"count":12,"href":"https:\/\/spkluczewsko.pl\/index.php?rest_route=\/wp\/v2\/pages\/2095\/revisions"}],"predecessor-version":[{"id":11358,"href":"https:\/\/spkluczewsko.pl\/index.php?rest_route=\/wp\/v2\/pages\/2095\/revisions\/11358"}],"wp:attachment":[{"href":"https:\/\/spkluczewsko.pl\/index.php?rest_route=%2Fwp%2Fv2%2Fmedia&parent=2095"}],"curies":[{"name":"wp","href":"https:\/\/api.w.org\/{rel}","templated":true}]}}